{"id":3639,"date":"2019-08-30T13:15:18","date_gmt":"2019-08-30T13:15:18","guid":{"rendered":"https:\/\/zq8n3avkhv.preview.infomaniak.website\/?post_type=realisation&#038;p=3639"},"modified":"2023-04-18T07:05:34","modified_gmt":"2023-04-18T07:05:34","slug":"ecole-everheide","status":"publish","type":"realisation","link":"https:\/\/www.louisdewaele.be\/fr\/construction\/projets\/ecole-everheide\/","title":{"rendered":"\u00c9cole Everheide"},"content":{"rendered":"<p>Au total, 10 classes suppl\u00e9mentaires seront ajout\u00e9es, ce qui correspond \u00e0 250 nouvelles places. La capacit\u00e9 de l\u2019\u00e9cole est ainsi port\u00e9e de 300 \u00e0 550 \u00e9l\u00e8ves, en maternelle et en primaire.<\/p>\n<p>Le projet a \u00e9t\u00e9 r\u00e9compens\u00e9 par Be Exemplary, un concours d\u2019architecture de la R\u00e9gion Bruxelloise pour les b\u00e2timents durables.<\/p>\n","protected":false},"featured_media":4274,"template":"","class_list":["post-3639","realisation","type-realisation","status-publish","has-post-thumbnail","hentry","region-bruxelles","filter-en-cours","sector-equipements","sector-neuf","type-construction"],"acf":[],"yoast_head":"<!-- This site is optimized with the Yoast SEO plugin v26.7 - https:\/\/yoast.com\/wordpress\/plugins\/seo\/ -->\n<title>\u00c9cole Everheide - Louis De Waele Construction<\/title>\n<meta name=\"description\" content=\"D\u00e9couvrez ce projet r\u00e9alis\u00e9 par Louis De Waele Construction.\" \/>\n<meta name=\"robots\" content=\"index, follow, max-snippet:-1, max-image-preview:large, max-video-preview:-1\" \/>\n<link rel=\"canonical\" href=\"https:\/\/www.louisdewaele.be\/fr\/construction\/projets\/ecole-everheide\/\" \/>\n<meta property=\"og:locale\" content=\"fr_FR\" \/>\n<meta property=\"og:type\" content=\"article\" \/>\n<meta property=\"og:title\" content=\"\u00c9cole Everheide - Louis De Waele Construction\" \/>\n<meta property=\"og:description\" content=\"D\u00e9couvrez ce projet r\u00e9alis\u00e9 par Louis De Waele Construction.\" \/>\n<meta property=\"og:url\" content=\"https:\/\/www.louisdewaele.be\/fr\/construction\/projets\/ecole-everheide\/\" \/>\n<meta property=\"og:site_name\" content=\"Louis De Waele Construction\" \/>\n<meta property=\"article:modified_time\" content=\"2023-04-18T07:05:34+00:00\" \/>\n<meta property=\"og:image\" content=\"http:\/\/www.louisdewaele.be\/wp-content\/uploads\/2019\/08\/ldw-everheide-08.jpg\" \/>\n\t<meta property=\"og:image:width\" content=\"2000\" \/>\n\t<meta property=\"og:image:height\" content=\"1500\" \/>\n\t<meta property=\"og:image:type\" content=\"image\/jpeg\" \/>\n<meta name=\"twitter:card\" content=\"summary_large_image\" \/>\n<meta name=\"twitter:label1\" content=\"Dur\u00e9e de lecture estim\u00e9e\" \/>\n\t<meta name=\"twitter:data1\" content=\"1 minute\" \/>\n<script type=\"application\/ld+json\" class=\"yoast-schema-graph\">{\"@context\":\"https:\/\/schema.org\",\"@graph\":[{\"@type\":\"WebPage\",\"@id\":\"https:\/\/www.louisdewaele.be\/fr\/construction\/projets\/ecole-everheide\/\",\"url\":\"https:\/\/www.louisdewaele.be\/fr\/construction\/projets\/ecole-everheide\/\",\"name\":\"\u00c9cole Everheide - Louis De Waele Construction\",\"isPartOf\":{\"@id\":\"https:\/\/www.louisdewaele.be\/fr\/#website\"},\"primaryImageOfPage\":{\"@id\":\"https:\/\/www.louisdewaele.be\/fr\/construction\/projets\/ecole-everheide\/#primaryimage\"},\"image\":{\"@id\":\"https:\/\/www.louisdewaele.be\/fr\/construction\/projets\/ecole-everheide\/#primaryimage\"},\"thumbnailUrl\":\"https:\/\/www.louisdewaele.be\/wp-content\/uploads\/2019\/08\/ldw-everheide-08.jpg\",\"datePublished\":\"2019-08-30T13:15:18+00:00\",\"dateModified\":\"2023-04-18T07:05:34+00:00\",\"description\":\"D\u00e9couvrez ce projet r\u00e9alis\u00e9 par Louis De Waele Construction.\",\"breadcrumb\":{\"@id\":\"https:\/\/www.louisdewaele.be\/fr\/construction\/projets\/ecole-everheide\/#breadcrumb\"},\"inLanguage\":\"fr-FR\",\"potentialAction\":[{\"@type\":\"ReadAction\",\"target\":[\"https:\/\/www.louisdewaele.be\/fr\/construction\/projets\/ecole-everheide\/\"]}]},{\"@type\":\"ImageObject\",\"inLanguage\":\"fr-FR\",\"@id\":\"https:\/\/www.louisdewaele.be\/fr\/construction\/projets\/ecole-everheide\/#primaryimage\",\"url\":\"https:\/\/www.louisdewaele.be\/wp-content\/uploads\/2019\/08\/ldw-everheide-08.jpg\",\"contentUrl\":\"https:\/\/www.louisdewaele.be\/wp-content\/uploads\/2019\/08\/ldw-everheide-08.jpg\",\"width\":2000,\"height\":1500},{\"@type\":\"BreadcrumbList\",\"@id\":\"https:\/\/www.louisdewaele.be\/fr\/construction\/projets\/ecole-everheide\/#breadcrumb\",\"itemListElement\":[{\"@type\":\"ListItem\",\"position\":1,\"name\":\"Home\",\"item\":\"https:\/\/www.louisdewaele.be\/fr\/\"},{\"@type\":\"ListItem\",\"position\":2,\"name\":\"\u00c9cole Everheide\"}]},{\"@type\":\"WebSite\",\"@id\":\"https:\/\/www.louisdewaele.be\/fr\/#website\",\"url\":\"https:\/\/www.louisdewaele.be\/fr\/\",\"name\":\"Louis De Waele Construction\",\"description\":\"Louis De Waele Construction\",\"potentialAction\":[{\"@type\":\"SearchAction\",\"target\":{\"@type\":\"EntryPoint\",\"urlTemplate\":\"https:\/\/www.louisdewaele.be\/fr\/?s={search_term_string}\"},\"query-input\":{\"@type\":\"PropertyValueSpecification\",\"valueRequired\":true,\"valueName\":\"search_term_string\"}}],\"inLanguage\":\"fr-FR\"}]}<\/script>\n<!-- \/ Yoast SEO plugin. -->","yoast_head_json":{"title":"\u00c9cole Everheide - Louis De Waele Construction","description":"D\u00e9couvrez ce projet r\u00e9alis\u00e9 par Louis De Waele Construction.","robots":{"index":"index","follow":"follow","max-snippet":"max-snippet:-1","max-image-preview":"max-image-preview:large","max-video-preview":"max-video-preview:-1"},"canonical":"https:\/\/www.louisdewaele.be\/fr\/construction\/projets\/ecole-everheide\/","og_locale":"fr_FR","og_type":"article","og_title":"\u00c9cole Everheide - Louis De Waele Construction","og_description":"D\u00e9couvrez ce projet r\u00e9alis\u00e9 par Louis De Waele Construction.","og_url":"https:\/\/www.louisdewaele.be\/fr\/construction\/projets\/ecole-everheide\/","og_site_name":"Louis De Waele Construction","article_modified_time":"2023-04-18T07:05:34+00:00","og_image":[{"width":2000,"height":1500,"url":"http:\/\/www.louisdewaele.be\/wp-content\/uploads\/2019\/08\/ldw-everheide-08.jpg","type":"image\/jpeg"}],"twitter_card":"summary_large_image","twitter_misc":{"Dur\u00e9e de lecture estim\u00e9e":"1 minute"},"schema":{"@context":"https:\/\/schema.org","@graph":[{"@type":"WebPage","@id":"https:\/\/www.louisdewaele.be\/fr\/construction\/projets\/ecole-everheide\/","url":"https:\/\/www.louisdewaele.be\/fr\/construction\/projets\/ecole-everheide\/","name":"\u00c9cole Everheide - Louis De Waele Construction","isPartOf":{"@id":"https:\/\/www.louisdewaele.be\/fr\/#website"},"primaryImageOfPage":{"@id":"https:\/\/www.louisdewaele.be\/fr\/construction\/projets\/ecole-everheide\/#primaryimage"},"image":{"@id":"https:\/\/www.louisdewaele.be\/fr\/construction\/projets\/ecole-everheide\/#primaryimage"},"thumbnailUrl":"https:\/\/www.louisdewaele.be\/wp-content\/uploads\/2019\/08\/ldw-everheide-08.jpg","datePublished":"2019-08-30T13:15:18+00:00","dateModified":"2023-04-18T07:05:34+00:00","description":"D\u00e9couvrez ce projet r\u00e9alis\u00e9 par Louis De Waele Construction.","breadcrumb":{"@id":"https:\/\/www.louisdewaele.be\/fr\/construction\/projets\/ecole-everheide\/#breadcrumb"},"inLanguage":"fr-FR","potentialAction":[{"@type":"ReadAction","target":["https:\/\/www.louisdewaele.be\/fr\/construction\/projets\/ecole-everheide\/"]}]},{"@type":"ImageObject","inLanguage":"fr-FR","@id":"https:\/\/www.louisdewaele.be\/fr\/construction\/projets\/ecole-everheide\/#primaryimage","url":"https:\/\/www.louisdewaele.be\/wp-content\/uploads\/2019\/08\/ldw-everheide-08.jpg","contentUrl":"https:\/\/www.louisdewaele.be\/wp-content\/uploads\/2019\/08\/ldw-everheide-08.jpg","width":2000,"height":1500},{"@type":"BreadcrumbList","@id":"https:\/\/www.louisdewaele.be\/fr\/construction\/projets\/ecole-everheide\/#breadcrumb","itemListElement":[{"@type":"ListItem","position":1,"name":"Home","item":"https:\/\/www.louisdewaele.be\/fr\/"},{"@type":"ListItem","position":2,"name":"\u00c9cole Everheide"}]},{"@type":"WebSite","@id":"https:\/\/www.louisdewaele.be\/fr\/#website","url":"https:\/\/www.louisdewaele.be\/fr\/","name":"Louis De Waele Construction","description":"Louis De Waele Construction","potentialAction":[{"@type":"SearchAction","target":{"@type":"EntryPoint","urlTemplate":"https:\/\/www.louisdewaele.be\/fr\/?s={search_term_string}"},"query-input":{"@type":"PropertyValueSpecification","valueRequired":true,"valueName":"search_term_string"}}],"inLanguage":"fr-FR"}]}},"_links":{"self":[{"href":"https:\/\/www.louisdewaele.be\/fr\/wp-json\/wp\/v2\/realisation\/3639","targetHints":{"allow":["GET"]}}],"collection":[{"href":"https:\/\/www.louisdewaele.be\/fr\/wp-json\/wp\/v2\/realisation"}],"about":[{"href":"https:\/\/www.louisdewaele.be\/fr\/wp-json\/wp\/v2\/types\/realisation"}],"wp:featuredmedia":[{"embeddable":true,"href":"https:\/\/www.louisdewaele.be\/fr\/wp-json\/wp\/v2\/media\/4274"}],"wp:attachment":[{"href":"https:\/\/www.louisdewaele.be\/fr\/wp-json\/wp\/v2\/media?parent=3639"}],"curies":[{"name":"wp","href":"https:\/\/api.w.org\/{rel}","templated":true}]}}