{"id":3714,"date":"2019-12-04T09:59:43","date_gmt":"2019-12-04T09:59:43","guid":{"rendered":"https:\/\/zq8n3avkhv.preview.infomaniak.website\/?post_type=realisation&#038;p=3714"},"modified":"2025-10-01T14:02:56","modified_gmt":"2025-10-01T14:02:56","slug":"cite-administrative-a-liege","status":"publish","type":"realisation","link":"https:\/\/www.louisdewaele.be\/fr\/construction\/projets\/cite-administrative-a-liege\/","title":{"rendered":"Cit\u00e9 Administrative de Li\u00e8ge"},"content":{"rendered":"<p>D\u00e9molition du socle actuel et construction d&rsquo;un b\u00e2timent annexe de 4 \u00e9tages.La soustraction des annexes existantes permet \u00e9galement de mettre en valeur la &lsquo;tour&rsquo;. Le b\u00e2timent se verra adjoindre une pompe \u00e0 chaleur g\u00e9othermique qui pompera l&rsquo;eau du fleuve tout proche pour produire chaleur et refroidissement \u00e0 moindre \u00e9nergie et \u00e0 moindre co\u00fbt.<\/p>\n<p>Quant \u00e0 la peinture murale de Nicolas Kozakis situ\u00e9e sur le sommet du pignon sud-ouest du b\u00e2timent, elle sera r\u00e9interpr\u00e9t\u00e9e par la mise en place d&rsquo;un tr\u00e8s fin film reluisant contenant des cellules photovolta\u00efques, rempla\u00e7ant l&rsquo;ancienne &lsquo;tache noir mate&rsquo; par une &lsquo;tache brillante&rsquo;.<\/p>\n","protected":false},"featured_media":11362,"template":"","class_list":["post-3714","realisation","type-realisation","status-publish","has-post-thumbnail","hentry","region-wallonie","filter-en-cours","sector-bureaux","sector-neuf","sector-renovation","type-construction"],"acf":[],"yoast_head":"<!-- This site is optimized with the Yoast SEO plugin v26.7 - https:\/\/yoast.com\/wordpress\/plugins\/seo\/ -->\n<title>Cit\u00e9 Administrative de Li\u00e8ge - Louis De Waele Construction<\/title>\n<meta name=\"description\" content=\"D\u00e9couvrez ce projet r\u00e9alis\u00e9 par Louis De Waele Construction.\" \/>\n<meta name=\"robots\" content=\"index, follow, max-snippet:-1, max-image-preview:large, max-video-preview:-1\" \/>\n<link rel=\"canonical\" href=\"https:\/\/www.louisdewaele.be\/fr\/construction\/projets\/cite-administrative-a-liege\/\" \/>\n<meta property=\"og:locale\" content=\"fr_FR\" \/>\n<meta property=\"og:type\" content=\"article\" \/>\n<meta property=\"og:title\" content=\"Cit\u00e9 Administrative de Li\u00e8ge - Louis De Waele Construction\" \/>\n<meta property=\"og:description\" content=\"D\u00e9couvrez ce projet r\u00e9alis\u00e9 par Louis De Waele Construction.\" \/>\n<meta property=\"og:url\" content=\"https:\/\/www.louisdewaele.be\/fr\/construction\/projets\/cite-administrative-a-liege\/\" \/>\n<meta property=\"og:site_name\" content=\"Louis De Waele Construction\" \/>\n<meta property=\"article:modified_time\" content=\"2025-10-01T14:02:56+00:00\" \/>\n<meta property=\"og:image\" content=\"http:\/\/www.louisdewaele.be\/wp-content\/uploads\/2019\/12\/Lg-Cite-administrative-12-scaled.jpg\" \/>\n\t<meta property=\"og:image:width\" content=\"2560\" \/>\n\t<meta property=\"og:image:height\" content=\"1707\" \/>\n\t<meta property=\"og:image:type\" content=\"image\/jpeg\" \/>\n<meta name=\"twitter:card\" content=\"summary_large_image\" \/>\n<meta name=\"twitter:label1\" content=\"Dur\u00e9e de lecture estim\u00e9e\" \/>\n\t<meta name=\"twitter:data1\" content=\"1 minute\" \/>\n<script type=\"application\/ld+json\" class=\"yoast-schema-graph\">{\"@context\":\"https:\/\/schema.org\",\"@graph\":[{\"@type\":\"WebPage\",\"@id\":\"https:\/\/www.louisdewaele.be\/fr\/construction\/projets\/cite-administrative-a-liege\/\",\"url\":\"https:\/\/www.louisdewaele.be\/fr\/construction\/projets\/cite-administrative-a-liege\/\",\"name\":\"Cit\u00e9 Administrative de Li\u00e8ge - Louis De Waele Construction\",\"isPartOf\":{\"@id\":\"https:\/\/www.louisdewaele.be\/fr\/#website\"},\"primaryImageOfPage\":{\"@id\":\"https:\/\/www.louisdewaele.be\/fr\/construction\/projets\/cite-administrative-a-liege\/#primaryimage\"},\"image\":{\"@id\":\"https:\/\/www.louisdewaele.be\/fr\/construction\/projets\/cite-administrative-a-liege\/#primaryimage\"},\"thumbnailUrl\":\"https:\/\/www.louisdewaele.be\/wp-content\/uploads\/2019\/12\/Lg-Cite-administrative-12-scaled.jpg\",\"datePublished\":\"2019-12-04T09:59:43+00:00\",\"dateModified\":\"2025-10-01T14:02:56+00:00\",\"description\":\"D\u00e9couvrez ce projet r\u00e9alis\u00e9 par Louis De Waele Construction.\",\"breadcrumb\":{\"@id\":\"https:\/\/www.louisdewaele.be\/fr\/construction\/projets\/cite-administrative-a-liege\/#breadcrumb\"},\"inLanguage\":\"fr-FR\",\"potentialAction\":[{\"@type\":\"ReadAction\",\"target\":[\"https:\/\/www.louisdewaele.be\/fr\/construction\/projets\/cite-administrative-a-liege\/\"]}]},{\"@type\":\"ImageObject\",\"inLanguage\":\"fr-FR\",\"@id\":\"https:\/\/www.louisdewaele.be\/fr\/construction\/projets\/cite-administrative-a-liege\/#primaryimage\",\"url\":\"https:\/\/www.louisdewaele.be\/wp-content\/uploads\/2019\/12\/Lg-Cite-administrative-12-scaled.jpg\",\"contentUrl\":\"https:\/\/www.louisdewaele.be\/wp-content\/uploads\/2019\/12\/Lg-Cite-administrative-12-scaled.jpg\",\"width\":2560,\"height\":1707},{\"@type\":\"BreadcrumbList\",\"@id\":\"https:\/\/www.louisdewaele.be\/fr\/construction\/projets\/cite-administrative-a-liege\/#breadcrumb\",\"itemListElement\":[{\"@type\":\"ListItem\",\"position\":1,\"name\":\"Home\",\"item\":\"https:\/\/www.louisdewaele.be\/fr\/\"},{\"@type\":\"ListItem\",\"position\":2,\"name\":\"Cit\u00e9 Administrative de Li\u00e8ge\"}]},{\"@type\":\"WebSite\",\"@id\":\"https:\/\/www.louisdewaele.be\/fr\/#website\",\"url\":\"https:\/\/www.louisdewaele.be\/fr\/\",\"name\":\"Louis De Waele Construction\",\"description\":\"Louis De Waele Construction\",\"potentialAction\":[{\"@type\":\"SearchAction\",\"target\":{\"@type\":\"EntryPoint\",\"urlTemplate\":\"https:\/\/www.louisdewaele.be\/fr\/?s={search_term_string}\"},\"query-input\":{\"@type\":\"PropertyValueSpecification\",\"valueRequired\":true,\"valueName\":\"search_term_string\"}}],\"inLanguage\":\"fr-FR\"}]}<\/script>\n<!-- \/ Yoast SEO plugin. -->","yoast_head_json":{"title":"Cit\u00e9 Administrative de Li\u00e8ge - Louis De Waele Construction","description":"D\u00e9couvrez ce projet r\u00e9alis\u00e9 par Louis De Waele Construction.","robots":{"index":"index","follow":"follow","max-snippet":"max-snippet:-1","max-image-preview":"max-image-preview:large","max-video-preview":"max-video-preview:-1"},"canonical":"https:\/\/www.louisdewaele.be\/fr\/construction\/projets\/cite-administrative-a-liege\/","og_locale":"fr_FR","og_type":"article","og_title":"Cit\u00e9 Administrative de Li\u00e8ge - Louis De Waele Construction","og_description":"D\u00e9couvrez ce projet r\u00e9alis\u00e9 par Louis De Waele Construction.","og_url":"https:\/\/www.louisdewaele.be\/fr\/construction\/projets\/cite-administrative-a-liege\/","og_site_name":"Louis De Waele Construction","article_modified_time":"2025-10-01T14:02:56+00:00","og_image":[{"width":2560,"height":1707,"url":"http:\/\/www.louisdewaele.be\/wp-content\/uploads\/2019\/12\/Lg-Cite-administrative-12-scaled.jpg","type":"image\/jpeg"}],"twitter_card":"summary_large_image","twitter_misc":{"Dur\u00e9e de lecture estim\u00e9e":"1 minute"},"schema":{"@context":"https:\/\/schema.org","@graph":[{"@type":"WebPage","@id":"https:\/\/www.louisdewaele.be\/fr\/construction\/projets\/cite-administrative-a-liege\/","url":"https:\/\/www.louisdewaele.be\/fr\/construction\/projets\/cite-administrative-a-liege\/","name":"Cit\u00e9 Administrative de Li\u00e8ge - Louis De Waele Construction","isPartOf":{"@id":"https:\/\/www.louisdewaele.be\/fr\/#website"},"primaryImageOfPage":{"@id":"https:\/\/www.louisdewaele.be\/fr\/construction\/projets\/cite-administrative-a-liege\/#primaryimage"},"image":{"@id":"https:\/\/www.louisdewaele.be\/fr\/construction\/projets\/cite-administrative-a-liege\/#primaryimage"},"thumbnailUrl":"https:\/\/www.louisdewaele.be\/wp-content\/uploads\/2019\/12\/Lg-Cite-administrative-12-scaled.jpg","datePublished":"2019-12-04T09:59:43+00:00","dateModified":"2025-10-01T14:02:56+00:00","description":"D\u00e9couvrez ce projet r\u00e9alis\u00e9 par Louis De Waele Construction.","breadcrumb":{"@id":"https:\/\/www.louisdewaele.be\/fr\/construction\/projets\/cite-administrative-a-liege\/#breadcrumb"},"inLanguage":"fr-FR","potentialAction":[{"@type":"ReadAction","target":["https:\/\/www.louisdewaele.be\/fr\/construction\/projets\/cite-administrative-a-liege\/"]}]},{"@type":"ImageObject","inLanguage":"fr-FR","@id":"https:\/\/www.louisdewaele.be\/fr\/construction\/projets\/cite-administrative-a-liege\/#primaryimage","url":"https:\/\/www.louisdewaele.be\/wp-content\/uploads\/2019\/12\/Lg-Cite-administrative-12-scaled.jpg","contentUrl":"https:\/\/www.louisdewaele.be\/wp-content\/uploads\/2019\/12\/Lg-Cite-administrative-12-scaled.jpg","width":2560,"height":1707},{"@type":"BreadcrumbList","@id":"https:\/\/www.louisdewaele.be\/fr\/construction\/projets\/cite-administrative-a-liege\/#breadcrumb","itemListElement":[{"@type":"ListItem","position":1,"name":"Home","item":"https:\/\/www.louisdewaele.be\/fr\/"},{"@type":"ListItem","position":2,"name":"Cit\u00e9 Administrative de Li\u00e8ge"}]},{"@type":"WebSite","@id":"https:\/\/www.louisdewaele.be\/fr\/#website","url":"https:\/\/www.louisdewaele.be\/fr\/","name":"Louis De Waele Construction","description":"Louis De Waele Construction","potentialAction":[{"@type":"SearchAction","target":{"@type":"EntryPoint","urlTemplate":"https:\/\/www.louisdewaele.be\/fr\/?s={search_term_string}"},"query-input":{"@type":"PropertyValueSpecification","valueRequired":true,"valueName":"search_term_string"}}],"inLanguage":"fr-FR"}]}},"_links":{"self":[{"href":"https:\/\/www.louisdewaele.be\/fr\/wp-json\/wp\/v2\/realisation\/3714","targetHints":{"allow":["GET"]}}],"collection":[{"href":"https:\/\/www.louisdewaele.be\/fr\/wp-json\/wp\/v2\/realisation"}],"about":[{"href":"https:\/\/www.louisdewaele.be\/fr\/wp-json\/wp\/v2\/types\/realisation"}],"wp:featuredmedia":[{"embeddable":true,"href":"https:\/\/www.louisdewaele.be\/fr\/wp-json\/wp\/v2\/media\/11362"}],"wp:attachment":[{"href":"https:\/\/www.louisdewaele.be\/fr\/wp-json\/wp\/v2\/media?parent=3714"}],"curies":[{"name":"wp","href":"https:\/\/api.w.org\/{rel}","templated":true}]}}